{"id":193,"date":"2023-11-07T23:51:06","date_gmt":"2023-11-07T22:51:06","guid":{"rendered":"https:\/\/lyceepaulrobert.fr\/?page_id=193"},"modified":"2024-04-24T00:11:23","modified_gmt":"2024-04-23T22:11:23","slug":"cordees-de-la-reussite","status":"publish","type":"page","link":"https:\/\/lyceepaulrobert.fr\/index.php\/cordees-de-la-reussite\/","title":{"rendered":"Cord\u00e9es de la r\u00e9ussite"},"content":{"rendered":"\n<p>Pour la 4e ann\u00e9e, le lyc\u00e9e Paul Robert est membre de la Cord\u00e9e de la R\u00e9ussite \u00ab\u00a0D\u00e9couvrir Paris 8\u00a0\u00bb avec l&rsquo;universit\u00e9 Paris 8 Vincennes-Saint-Denis. Comptant plus de 20 000 \u00e9tudiantes et \u00e9tudiants, r\u00e9partis sur plusieurs campus (Saint-Denis, Montreuil, Tremblay en France), l&rsquo;Universit\u00e9 paris 8 propose des formations dans des domaines vari\u00e9s, allant des langues \u00e0 la psychologie, des arts plastiques au cin\u00e9ma, des sciences politiques \u00e0 l&rsquo;informatique et aux math\u00e9matiques, et cela de la licence au master et au doctorat. Les IUT de Montreuil (Gestion commerciale, informatique, communication) et de Tremblay en France (G\u00e9nie industriel, Logistique, gestion des Administrations) d\u00e9pendent \u00e9galement de l&rsquo;universit\u00e9 Paris 8.&nbsp;<\/p>\n\n\n\n<p>les Cord\u00e9es de la R\u00e9ussite mettent les \u00e9l\u00e8ves du lyc\u00e9e Paul Robert en contact avec ce large \u00e9ventail de formations de plusieurs mani\u00e8res :&nbsp;<\/p>\n\n\n\n<p>&#8211; Des classes de Terminale g\u00e9n\u00e9rale, technologique et professionnelle se rendent chaque ann\u00e9e une journ\u00e9e sur le campus de Paris 8, pour y d\u00e9jeuner au restaurant universitaire, visiter la&nbsp; Biblioth\u00e8que universitaire (la plus fournie de la r\u00e9gion Ile de France), rencontrer des enseignants et\/ou des \u00e9tudiants de l&rsquo;universit\u00e9 et suivre des conf\u00e9rences sur des sujets vari\u00e9s, comme le cin\u00e9ma de Pedro Almodovar. C&rsquo;est un levier tr\u00e8s int\u00e9ressant pour la r\u00e9flexion sur l&rsquo;orientation, avec la d\u00e9couverte concr\u00e8te d&rsquo;un \u00e9tablissement universitaire, sans obligation de s&rsquo;y inscrire par la suite !&nbsp;<\/p>\n\n\n\n<p>&#8211; Des tutrices et tuteurs \u00e9tudiants accompagnent nos \u00e9l\u00e8ves dans leur scolarit\u00e9 sur 1 ou 2 semestres. Le dispositif a essentiellement fonctionn\u00e9 en HGGSP, avec la participation active des enseignants du lyc\u00e9e, mais nous sollicitons chaque ann\u00e9e les \u00e9tudiants de nombreuses disciplines. Les tutrices et tuteurs, g\u00e9n\u00e9ralement en 3e ann\u00e9e de Licence, ont ainsi pr\u00e9sent\u00e9 leur parcours et apport\u00e9 des conseils de m\u00e9thode lors de s\u00e9ances en petits groupes (fiches de r\u00e9vision, construction de plans, d\u00e9marches d&rsquo;analyse), que les \u00e9l\u00e8ves ont beaucoup appr\u00e9ci\u00e9s.&nbsp;&nbsp;<\/p>\n\n\n\n<p>&#8211; Des tutrices et tuteurs \u00e9tudiants en Master de th\u00e9\u00e2tre ont \u00e9galement particip\u00e9 \u00e0 des projets, notamment lors de la participation d&rsquo;une classe de Seconde au concours des Olympes de la Parole, en 2021- 2022, concours national gagn\u00e9 par les \u00e9l\u00e8ves de notre lyc\u00e9e !&nbsp;<\/p>\n\n\n\n<p>&#8211; Nous avons enfin sollicit\u00e9 cette ann\u00e9e des enseignantes et enseignants chercheurs pour venir dispenser des conf\u00e9rences sur leurs sujets de recherche aupr\u00e8s de nos \u00e9l\u00e8ves.&nbsp;<\/p>\n\n\n\n<figure class=\"wp-block-image size-large\"><img loading=\"lazy\" decoding=\"async\" width=\"1024\" height=\"576\" src=\"https:\/\/lyceepaulrobert.fr\/wp-content\/uploads\/2024\/04\/20211118_141017-1024x576.jpg\" alt=\"\" class=\"wp-image-290\" srcset=\"https:\/\/lyceepaulrobert.fr\/wp-content\/uploads\/2024\/04\/20211118_141017-1024x576.jpg 1024w, https:\/\/lyceepaulrobert.fr\/wp-content\/uploads\/2024\/04\/20211118_141017-300x169.jpg 300w, https:\/\/lyceepaulrobert.fr\/wp-content\/uploads\/2024\/04\/20211118_141017-768x432.jpg 768w, https:\/\/lyceepaulrobert.fr\/wp-content\/uploads\/2024\/04\/20211118_141017-1536x864.jpg 1536w, https:\/\/lyceepaulrobert.fr\/wp-content\/uploads\/2024\/04\/20211118_141017-2048x1152.jpg 2048w\" sizes=\"auto, (max-width: 1024px) 100vw, 1024px\" \/><\/figure>\n","protected":false},"excerpt":{"rendered":"<p>Pour la 4e ann\u00e9e, le lyc\u00e9e Paul Robert est membre de la Cord\u00e9e de la R\u00e9ussite \u00ab\u00a0D\u00e9couvrir Paris 8\u00a0\u00bb avec &hellip; <\/p>\n","protected":false},"author":3,"featured_media":292,"parent":0,"menu_order":0,"comment_status":"closed","ping_status":"closed","template":"","meta":{"footnotes":""},"class_list":["post-193","page","type-page","status-publish","has-post-thumbnail","hentry"],"yoast_head":"<!-- This site is optimized with the Yoast SEO plugin v22.5 - https:\/\/yoast.com\/wordpress\/plugins\/seo\/ -->\n<title>Cord\u00e9es de la r\u00e9ussite - Lyc\u00e9e Polyvalent Paul Robert<\/title>\n<meta name=\"robots\" content=\"index, follow, max-snippet:-1, max-image-preview:large, max-video-preview:-1\" \/>\n<link rel=\"canonical\" href=\"https:\/\/lyceepaulrobert.fr\/index.php\/cordees-de-la-reussite\/\" \/>\n<meta property=\"og:locale\" content=\"fr_FR\" \/>\n<meta property=\"og:type\" content=\"article\" \/>\n<meta property=\"og:title\" content=\"Cord\u00e9es de la r\u00e9ussite - Lyc\u00e9e Polyvalent Paul Robert\" \/>\n<meta property=\"og:description\" content=\"Pour la 4e ann\u00e9e, le lyc\u00e9e Paul Robert est membre de la Cord\u00e9e de la R\u00e9ussite \u00ab\u00a0D\u00e9couvrir Paris 8\u00a0\u00bb avec &hellip;\" \/>\n<meta property=\"og:url\" content=\"https:\/\/lyceepaulrobert.fr\/index.php\/cordees-de-la-reussite\/\" \/>\n<meta property=\"og:site_name\" content=\"Lyc\u00e9e Polyvalent Paul Robert\" \/>\n<meta property=\"article:modified_time\" content=\"2024-04-23T22:11:23+00:00\" \/>\n<meta property=\"og:image\" content=\"https:\/\/lyceepaulrobert.fr\/wp-content\/uploads\/2024\/04\/20211118_141041-scaled.jpg\" \/>\n\t<meta property=\"og:image:width\" content=\"2560\" \/>\n\t<meta property=\"og:image:height\" content=\"1440\" \/>\n\t<meta property=\"og:image:type\" content=\"image\/jpeg\" \/>\n<meta name=\"twitter:card\" content=\"summary_large_image\" \/>\n<meta name=\"twitter:label1\" content=\"Dur\u00e9e de lecture estim\u00e9e\" \/>\n\t<meta name=\"twitter:data1\" content=\"2 minutes\" \/>\n<script type=\"application\/ld+json\" class=\"yoast-schema-graph\">{\"@context\":\"https:\/\/schema.org\",\"@graph\":[{\"@type\":\"WebPage\",\"@id\":\"https:\/\/lyceepaulrobert.fr\/index.php\/cordees-de-la-reussite\/\",\"url\":\"https:\/\/lyceepaulrobert.fr\/index.php\/cordees-de-la-reussite\/\",\"name\":\"Cord\u00e9es de la r\u00e9ussite - Lyc\u00e9e Polyvalent Paul Robert\",\"isPartOf\":{\"@id\":\"https:\/\/lyceepaulrobert.fr\/#website\"},\"primaryImageOfPage\":{\"@id\":\"https:\/\/lyceepaulrobert.fr\/index.php\/cordees-de-la-reussite\/#primaryimage\"},\"image\":{\"@id\":\"https:\/\/lyceepaulrobert.fr\/index.php\/cordees-de-la-reussite\/#primaryimage\"},\"thumbnailUrl\":\"https:\/\/lyceepaulrobert.fr\/wp-content\/uploads\/2024\/04\/20211118_141041-scaled.jpg\",\"datePublished\":\"2023-11-07T22:51:06+00:00\",\"dateModified\":\"2024-04-23T22:11:23+00:00\",\"breadcrumb\":{\"@id\":\"https:\/\/lyceepaulrobert.fr\/index.php\/cordees-de-la-reussite\/#breadcrumb\"},\"inLanguage\":\"fr-FR\",\"potentialAction\":[{\"@type\":\"ReadAction\",\"target\":[\"https:\/\/lyceepaulrobert.fr\/index.php\/cordees-de-la-reussite\/\"]}]},{\"@type\":\"ImageObject\",\"inLanguage\":\"fr-FR\",\"@id\":\"https:\/\/lyceepaulrobert.fr\/index.php\/cordees-de-la-reussite\/#primaryimage\",\"url\":\"https:\/\/lyceepaulrobert.fr\/wp-content\/uploads\/2024\/04\/20211118_141041-scaled.jpg\",\"contentUrl\":\"https:\/\/lyceepaulrobert.fr\/wp-content\/uploads\/2024\/04\/20211118_141041-scaled.jpg\",\"width\":2560,\"height\":1440},{\"@type\":\"BreadcrumbList\",\"@id\":\"https:\/\/lyceepaulrobert.fr\/index.php\/cordees-de-la-reussite\/#breadcrumb\",\"itemListElement\":[{\"@type\":\"ListItem\",\"position\":1,\"name\":\"Accueil\",\"item\":\"https:\/\/lyceepaulrobert.fr\/\"},{\"@type\":\"ListItem\",\"position\":2,\"name\":\"Cord\u00e9es de la r\u00e9ussite\"}]},{\"@type\":\"WebSite\",\"@id\":\"https:\/\/lyceepaulrobert.fr\/#website\",\"url\":\"https:\/\/lyceepaulrobert.fr\/\",\"name\":\"Lyc\u00e9e Polyvalent Paul Robert\",\"description\":\"\",\"potentialAction\":[{\"@type\":\"SearchAction\",\"target\":{\"@type\":\"EntryPoint\",\"urlTemplate\":\"https:\/\/lyceepaulrobert.fr\/?s={search_term_string}\"},\"query-input\":\"required name=search_term_string\"}],\"inLanguage\":\"fr-FR\"}]}<\/script>\n<!-- \/ Yoast SEO plugin. -->","yoast_head_json":{"title":"Cord\u00e9es de la r\u00e9ussite - Lyc\u00e9e Polyvalent Paul Robert","robots":{"index":"index","follow":"follow","max-snippet":"max-snippet:-1","max-image-preview":"max-image-preview:large","max-video-preview":"max-video-preview:-1"},"canonical":"https:\/\/lyceepaulrobert.fr\/index.php\/cordees-de-la-reussite\/","og_locale":"fr_FR","og_type":"article","og_title":"Cord\u00e9es de la r\u00e9ussite - Lyc\u00e9e Polyvalent Paul Robert","og_description":"Pour la 4e ann\u00e9e, le lyc\u00e9e Paul Robert est membre de la Cord\u00e9e de la R\u00e9ussite \u00ab\u00a0D\u00e9couvrir Paris 8\u00a0\u00bb avec &hellip;","og_url":"https:\/\/lyceepaulrobert.fr\/index.php\/cordees-de-la-reussite\/","og_site_name":"Lyc\u00e9e Polyvalent Paul Robert","article_modified_time":"2024-04-23T22:11:23+00:00","og_image":[{"width":2560,"height":1440,"url":"https:\/\/lyceepaulrobert.fr\/wp-content\/uploads\/2024\/04\/20211118_141041-scaled.jpg","type":"image\/jpeg"}],"twitter_card":"summary_large_image","twitter_misc":{"Dur\u00e9e de lecture estim\u00e9e":"2 minutes"},"schema":{"@context":"https:\/\/schema.org","@graph":[{"@type":"WebPage","@id":"https:\/\/lyceepaulrobert.fr\/index.php\/cordees-de-la-reussite\/","url":"https:\/\/lyceepaulrobert.fr\/index.php\/cordees-de-la-reussite\/","name":"Cord\u00e9es de la r\u00e9ussite - Lyc\u00e9e Polyvalent Paul Robert","isPartOf":{"@id":"https:\/\/lyceepaulrobert.fr\/#website"},"primaryImageOfPage":{"@id":"https:\/\/lyceepaulrobert.fr\/index.php\/cordees-de-la-reussite\/#primaryimage"},"image":{"@id":"https:\/\/lyceepaulrobert.fr\/index.php\/cordees-de-la-reussite\/#primaryimage"},"thumbnailUrl":"https:\/\/lyceepaulrobert.fr\/wp-content\/uploads\/2024\/04\/20211118_141041-scaled.jpg","datePublished":"2023-11-07T22:51:06+00:00","dateModified":"2024-04-23T22:11:23+00:00","breadcrumb":{"@id":"https:\/\/lyceepaulrobert.fr\/index.php\/cordees-de-la-reussite\/#breadcrumb"},"inLanguage":"fr-FR","potentialAction":[{"@type":"ReadAction","target":["https:\/\/lyceepaulrobert.fr\/index.php\/cordees-de-la-reussite\/"]}]},{"@type":"ImageObject","inLanguage":"fr-FR","@id":"https:\/\/lyceepaulrobert.fr\/index.php\/cordees-de-la-reussite\/#primaryimage","url":"https:\/\/lyceepaulrobert.fr\/wp-content\/uploads\/2024\/04\/20211118_141041-scaled.jpg","contentUrl":"https:\/\/lyceepaulrobert.fr\/wp-content\/uploads\/2024\/04\/20211118_141041-scaled.jpg","width":2560,"height":1440},{"@type":"BreadcrumbList","@id":"https:\/\/lyceepaulrobert.fr\/index.php\/cordees-de-la-reussite\/#breadcrumb","itemListElement":[{"@type":"ListItem","position":1,"name":"Accueil","item":"https:\/\/lyceepaulrobert.fr\/"},{"@type":"ListItem","position":2,"name":"Cord\u00e9es de la r\u00e9ussite"}]},{"@type":"WebSite","@id":"https:\/\/lyceepaulrobert.fr\/#website","url":"https:\/\/lyceepaulrobert.fr\/","name":"Lyc\u00e9e Polyvalent Paul Robert","description":"","potentialAction":[{"@type":"SearchAction","target":{"@type":"EntryPoint","urlTemplate":"https:\/\/lyceepaulrobert.fr\/?s={search_term_string}"},"query-input":"required name=search_term_string"}],"inLanguage":"fr-FR"}]}},"_links":{"self":[{"href":"https:\/\/lyceepaulrobert.fr\/index.php\/wp-json\/wp\/v2\/pages\/193","targetHints":{"allow":["GET"]}}],"collection":[{"href":"https:\/\/lyceepaulrobert.fr\/index.php\/wp-json\/wp\/v2\/pages"}],"about":[{"href":"https:\/\/lyceepaulrobert.fr\/index.php\/wp-json\/wp\/v2\/types\/page"}],"author":[{"embeddable":true,"href":"https:\/\/lyceepaulrobert.fr\/index.php\/wp-json\/wp\/v2\/users\/3"}],"replies":[{"embeddable":true,"href":"https:\/\/lyceepaulrobert.fr\/index.php\/wp-json\/wp\/v2\/comments?post=193"}],"version-history":[{"count":2,"href":"https:\/\/lyceepaulrobert.fr\/index.php\/wp-json\/wp\/v2\/pages\/193\/revisions"}],"predecessor-version":[{"id":293,"href":"https:\/\/lyceepaulrobert.fr\/index.php\/wp-json\/wp\/v2\/pages\/193\/revisions\/293"}],"wp:featuredmedia":[{"embeddable":true,"href":"https:\/\/lyceepaulrobert.fr\/index.php\/wp-json\/wp\/v2\/media\/292"}],"wp:attachment":[{"href":"https:\/\/lyceepaulrobert.fr\/index.php\/wp-json\/wp\/v2\/media?parent=193"}],"curies":[{"name":"wp","href":"https:\/\/api.w.org\/{rel}","templated":true}]}}